{"id":5680,"date":"2023-12-13T15:57:03","date_gmt":"2023-12-13T14:57:03","guid":{"rendered":"https:\/\/dev.katag.net\/?page_id=1011"},"modified":"2026-03-04T10:26:55","modified_gmt":"2026-03-04T09:26:55","slug":"news","status":"publish","type":"page","link":"https:\/\/katag.net\/en\/news\/","title":{"rendered":"News"},"content":{"rendered":"<p>[et_pb_section fb_built=&#8220;1&#8243; admin_label=&#8220;Header&#8220; module_id=&#8220;news&#8220; _builder_version=&#8220;4.25.2&#8243; _module_preset=&#8220;default&#8220; use_background_color_gradient=&#8220;on&#8220; background_color_gradient_stops=&#8220;rgba(0,0,0,0.29) 0%|rgba(0,0,0,0.29) 100%&#8220; background_enable_image=&#8220;off&#8220; background_blend=&#8220;multiply&#8220; background_video_mp4=&#8220;https:\/\/katag.net\/wp-content\/uploads\/2024\/06\/Magazin_KATAG-News_2024_Videoloop.mp4&#8243; background_video_pause_outside_viewport=&#8220;off&#8220; height=&#8220;897px&#8220; height_tablet=&#8220;911px&#8220; height_phone=&#8220;766px&#8220; height_last_edited=&#8220;on|tablet&#8220; custom_margin=&#8220;-16%||||false|false&#8220; custom_margin_tablet=&#8220;-20%||||false|false&#8220; custom_margin_phone=&#8220;-20%||-10%||false|false&#8220; custom_margin_last_edited=&#8220;on|phone&#8220; animation_style=&#8220;fade&#8220; animation_duration=&#8220;500ms&#8220; animation_starting_opacity=&#8220;30%&#8220; da_popup_slug=&#8220;news&#8220; da_disable_devices=&#8220;off|off|off&#8220; locked=&#8220;off&#8220; global_colors_info=&#8220;{}&#8220; da_is_popup=&#8220;off&#8220; da_exit_intent=&#8220;off&#8220; da_has_close=&#8220;on&#8220; da_alt_close=&#8220;off&#8220; da_dark_close=&#8220;off&#8220; da_not_modal=&#8220;on&#8220; da_is_singular=&#8220;off&#8220; da_with_loader=&#8220;off&#8220; da_has_shadow=&#8220;on&#8220;][et_pb_row _builder_version=&#8220;4.19.4&#8243; _module_preset=&#8220;default&#8220; custom_margin=&#8220;256px||||false|false&#8220; custom_margin_tablet=&#8220;186px||||false|false&#8220; custom_margin_phone=&#8220;162px||||false|false&#8220; custom_margin_last_edited=&#8220;on|tablet&#8220; global_colors_info=&#8220;{}&#8220;][et_pb_column type=&#8220;4_4&#8243; _builder_version=&#8220;4.19.4&#8243; _module_preset=&#8220;default&#8220; global_colors_info=&#8220;{}&#8220;][et_pb_text _builder_version=&#8220;4.22.2&#8243; _module_preset=&#8220;default&#8220; text_font=&#8220;|||on|||||&#8220; text_text_color=&#8220;#ffffff&#8220; text_font_size=&#8220;16px&#8220; header_text_align=&#8220;center&#8220; header_text_color=&#8220;#FFFFFF&#8220; header_letter_spacing=&#8220;3px&#8220; custom_padding=&#8220;4%||23%||false|false&#8220; custom_padding_tablet=&#8220;7%|10%||10%|false|false&#8220; custom_padding_phone=&#8220;7%|5%||5%|false|false&#8220; custom_padding_last_edited=&#8220;on|phone&#8220; header_text_align_tablet=&#8220;center&#8220; header_text_align_phone=&#8220;center&#8220; header_text_align_last_edited=&#8220;on|desktop&#8220; header_letter_spacing_tablet=&#8220;3px&#8220; header_letter_spacing_phone=&#8220;1px&#8220; header_letter_spacing_last_edited=&#8220;on|desktop&#8220; global_colors_info=&#8220;{}&#8220;]<\/p>\n<h1>KATAG News<\/h1>\n<p style=\"text-align: center\">The magazine for news from KATAG AG and the industry<\/p>\n<p>[\/et_pb_text][\/et_pb_column][\/et_pb_row][\/et_pb_section][et_pb_section fb_built=&#8220;1&#8243; admin_label=&#8220;Section&#8220; module_id=&#8220;entdecken&#8220; _builder_version=&#8220;4.22.2&#8243; _module_preset=&#8220;default&#8220; custom_margin=&#8220;||||false|false&#8220; custom_padding=&#8220;||1%||false|false&#8220; da_popup_slug=&#8220;entdecken&#8220; da_disable_devices=&#8220;off|off|off&#8220; global_colors_info=&#8220;{}&#8220; da_is_popup=&#8220;off&#8220; da_exit_intent=&#8220;off&#8220; da_has_close=&#8220;on&#8220; da_alt_close=&#8220;off&#8220; da_dark_close=&#8220;off&#8220; da_not_modal=&#8220;on&#8220; da_is_singular=&#8220;off&#8220; da_with_loader=&#8220;off&#8220; da_has_shadow=&#8220;on&#8220;][et_pb_row _builder_version=&#8220;4.19.4&#8243; _module_preset=&#8220;default&#8220; custom_margin=&#8220;-80px||-26px||false|false&#8220; custom_padding=&#8220;||0px||false|false&#8220; global_colors_info=&#8220;{}&#8220;][et_pb_column type=&#8220;4_4&#8243; _builder_version=&#8220;4.19.4&#8243; _module_preset=&#8220;default&#8220; global_colors_info=&#8220;{}&#8220;][et_pb_icon font_icon=&#8220;&#x33;||divi||400&#8243; icon_color=&#8220;#FFFFFF&#8220; icon_width=&#8220;55px&#8220; url=&#8220;#entdecken&#8220; _builder_version=&#8220;4.19.4&#8243; _module_preset=&#8220;default&#8220; transform_scale_tablet=&#8220;&#8220; transform_scale_phone=&#8220;&#8220; transform_scale_last_edited=&#8220;on|desktop&#8220; transform_translate=&#8220;0px|-292px&#8220; transform_translate_tablet=&#8220;0px|-292px&#8220; transform_translate_phone=&#8220;0px|-204px&#8220; transform_translate_last_edited=&#8220;on|desktop&#8220; transform_translate_linked=&#8220;off&#8220; transform_rotate_tablet=&#8220;&#8220; transform_rotate_phone=&#8220;&#8220; transform_rotate_last_edited=&#8220;on|desktop&#8220; transform_skew_tablet=&#8220;&#8220; transform_skew_phone=&#8220;&#8220; transform_skew_last_edited=&#8220;on|desktop&#8220; transform_origin_tablet=&#8220;&#8220; transform_origin_phone=&#8220;&#8220; transform_origin_last_edited=&#8220;on|desktop&#8220; transform_styles_last_edited=&#8220;on|desktop&#8220; custom_margin=&#8220;0px||-26px||false|false&#8220; custom_padding=&#8220;0px||0px||false|false&#8220; transform_styles_tablet=&#8220;&#8220; transform_styles_phone=&#8220;&#8220; locked=&#8220;off&#8220; global_colors_info=&#8220;{}&#8220; icon_color__hover_enabled=&#8220;on|desktop&#8220; icon_color__hover=&#8220;#b31a19&#8243;][\/et_pb_icon][et_pb_text _builder_version=&#8220;4.22.2&#8243; _module_preset=&#8220;default&#8220; header_text_align=&#8220;center&#8220; header_2_text_align=&#8220;left&#8220; custom_margin=&#8220;36px||||false|false&#8220; global_colors_info=&#8220;{}&#8220;]<\/p>\n<h2>NEWS FROM KATAG AG<\/h2>\n<p style=\"font-weight: 400\">Here you will find all the latest news and information about KATAG AG so that you are always well informed. We will keep you up to date on upcoming events, exciting developments and important news. This page offers you a comprehensive overview of everything that is happening at KATAG AG and in the surrounding area.<\/p>\n<p>&nbsp;<\/p>\n<p>[\/et_pb_text][\/et_pb_column][\/et_pb_row][et_pb_row use_custom_gutter=&#8220;on&#8220; custom_padding_last_edited=&#8220;on|phone&#8220; _builder_version=&#8220;4.27.5&#8243; _module_preset=&#8220;default&#8220; background_color=&#8220;#A8332F&#8220; width=&#8220;100%&#8220; width_tablet=&#8220;100%&#8220; width_phone=&#8220;100%&#8220; width_last_edited=&#8220;on|phone&#8220; max_width=&#8220;100%&#8220; custom_margin=&#8220;62px||||false|false&#8220; custom_margin_tablet=&#8220;62px||||false|false&#8220; custom_margin_phone=&#8220;62px||||false|false&#8220; custom_margin_last_edited=&#8220;on|phone&#8220; custom_padding=&#8220;3%|3%|3%|3%|false|false&#8220; custom_padding_tablet=&#8220;6%|5%|6%|5%|false|false&#8220; custom_padding_phone=&#8220;12%|10%|12%|8%|false|false&#8220; module_alignment_tablet=&#8220;&#8220; module_alignment_phone=&#8220;center&#8220; module_alignment_last_edited=&#8220;on|phone&#8220; global_colors_info=&#8220;{}&#8220;][et_pb_column type=&#8220;4_4&#8243; _builder_version=&#8220;4.22.2&#8243; _module_preset=&#8220;default&#8220; global_colors_info=&#8220;{}&#8220;][wdcl_image_carousel is_autoplay=&#8220;off&#8220; nav_pagi=&#8220;nav_pagi&#8220; slide_spacing=&#8220;9px&#8220; is_infinite=&#8220;off&#8220; carousel_spacing_top=&#8220;1px&#8220; carousel_spacing_bottom=&#8220;1px&#8220; arrow_skew=&#8220;1deg&#8220; icon_left=&#8220;&#x34;||divi||400&#8243; icon_right=&#8220;&#x35;||divi||400&#8243; slide_count_tablet=&#8220;2&#8243; slide_count_phone=&#8220;1&#8243; slide_count_last_edited=&#8220;on|desktop&#8220; admin_label=&#8220;Image Carousel&#8220; _builder_version=&#8220;4.27.5&#8243; _module_preset=&#8220;default&#8220; hover_transition_duration=&#8220;700ms&#8220; global_colors_info=&#8220;{}&#8220;][wdcl_image_carousel_child photo=&#8220;https:\/\/katag.net\/wp-content\/uploads\/2026\/02\/KC26-KATAG-NEWS-Bild-scaled.jpg&#8220; title=&#8220;KATAG-CHEFTAGUNG 2025&#8243; sub_title=&#8220; JETZT LESEN&#8220; content_alignment=&#8220;center&#8220; image_height=&#8220;280px&#8220; overlay_bg_color=&#8220;rgba(10,10,10,0.35)&#8220; _builder_version=&#8220;4.27.5&#8243; _module_preset=&#8220;default&#8220; title_font=&#8220;Interstate_bold||||||||&#8220; title_text_color=&#8220;#FFFFFF&#8220; subtitle_font=&#8220;||||on||||solid&#8220; subtitle_text_color=&#8220;#FFFFFF&#8220; subtitle_font_size=&#8220;14px&#8220; hover_transition_duration=&#8220;900ms&#8220; link_option_url=&#8220;#kct25&#8243; global_colors_info=&#8220;{}&#8220; title_text_color__hover_enabled=&#8220;off|hover&#8220; title_text_color__hover=&#8220;#b31a19&#8243; title_font_size__hover_enabled=&#8220;off|hover&#8220; title_font_size__hover=&#8220;35px&#8220; subtitle_font_size__hover_enabled=&#8220;on|hover&#8220; subtitle_font_size__hover=&#8220;16px&#8220; overlay_bg_color__hover=&#8220;rgba(10,10,10,0.62)&#8220; overlay_bg_color__hover_enabled=&#8220;on|desktop&#8220;][\/wdcl_image_carousel_child][wdcl_image_carousel_child admin_title=&#8220;KATAG-MARKENTAG 2025&#8243; photo=&#8220;https:\/\/katag.net\/wp-content\/uploads\/2026\/02\/katag-markentag-foto-marvin-ruppert-scaled.jpg&#8220; title=&#8220;KATAG-MARKENTAG 2025&#8243; sub_title=&#8220;JETZT LESEN&#8220; content_alignment=&#8220;center&#8220; image_height=&#8220;280px&#8220; overlay_bg_color=&#8220;rgba(10,10,10,0.35)&#8220; _builder_version=&#8220;4.27.5&#8243; _module_preset=&#8220;default&#8220; title_font=&#8220;Interstate_bold||||||||&#8220; title_text_color=&#8220;#FFFFFF&#8220; subtitle_font=&#8220;||||on||||solid&#8220; subtitle_text_color=&#8220;#FFFFFF&#8220; subtitle_font_size=&#8220;14px&#8220; hover_transition_duration=&#8220;900ms&#8220; link_option_url=&#8220;#katag-markentag25&#8243; global_colors_info=&#8220;{}&#8220; title_text_color__hover_enabled=&#8220;off|hover&#8220; title_text_color__hover=&#8220;#b31a19&#8243; title_font_size__hover_enabled=&#8220;off|hover&#8220; title_font_size__hover=&#8220;35px&#8220; subtitle_font_size__hover_enabled=&#8220;on|hover&#8220; subtitle_font_size__hover=&#8220;16px&#8220; overlay_bg_color__hover=&#8220;rgba(10,10,10,0.62)&#8220; overlay_bg_color__hover_enabled=&#8220;on|desktop&#8220;][\/wdcl_image_carousel_child][wdcl_image_carousel_child photo=&#8220;https:\/\/katag.net\/wp-content\/uploads\/2024\/06\/KATAG-Cheftagung_2024_Barbara_Schoeneberger_Karl-Heinz_Rummenigge_klein.jpg&#8220; title=&#8220;KATAG-CHEFTAGUNG 2024&#8243; sub_title=&#8220; JETZT LESEN&#8220; content_alignment=&#8220;center&#8220; image_height=&#8220;280px&#8220; overlay_bg_color=&#8220;rgba(10,10,10,0.35)&#8220; _builder_version=&#8220;4.27.5&#8243; _module_preset=&#8220;default&#8220; title_font=&#8220;Interstate_bold||||||||&#8220; title_text_color=&#8220;#FFFFFF&#8220; subtitle_font=&#8220;||||on||||solid&#8220; subtitle_text_color=&#8220;#FFFFFF&#8220; subtitle_font_size=&#8220;14px&#8220; hover_transition_duration=&#8220;900ms&#8220; link_option_url=&#8220;#kct24&#8243; global_colors_info=&#8220;{}&#8220; title_text_color__hover_enabled=&#8220;off|hover&#8220; title_text_color__hover=&#8220;#b31a19&#8243; title_font_size__hover_enabled=&#8220;off|hover&#8220; title_font_size__hover=&#8220;35px&#8220; subtitle_font_size__hover_enabled=&#8220;on|hover&#8220; subtitle_font_size__hover=&#8220;16px&#8220; overlay_bg_color__hover=&#8220;rgba(10,10,10,0.62)&#8220; overlay_bg_color__hover_enabled=&#8220;on|desktop&#8220;][\/wdcl_image_carousel_child][wdcl_image_carousel_child photo=&#8220;https:\/\/katag.net\/wp-content\/uploads\/2024\/04\/KMT24_News.jpg&#8220; title=&#8220;KATAG-MARKENTAG 2024&#8243; sub_title=&#8220;JETZT LESEN&#8220; content_alignment=&#8220;center&#8220; image_height=&#8220;280px&#8220; overlay_bg_color=&#8220;rgba(10,10,10,0.35)&#8220; _builder_version=&#8220;4.27.5&#8243; _module_preset=&#8220;default&#8220; title_font=&#8220;Interstate_bold||||||||&#8220; title_text_color=&#8220;#FFFFFF&#8220; subtitle_font=&#8220;||||on||||solid&#8220; subtitle_text_color=&#8220;#FFFFFF&#8220; subtitle_font_size=&#8220;14px&#8220; hover_transition_duration=&#8220;900ms&#8220; link_option_url=&#8220;#katag-markentag24&#8243; global_colors_info=&#8220;{}&#8220; title_text_color__hover_enabled=&#8220;off|hover&#8220; title_text_color__hover=&#8220;#b31a19&#8243; title_font_size__hover_enabled=&#8220;off|hover&#8220; title_font_size__hover=&#8220;35px&#8220; subtitle_font_size__hover_enabled=&#8220;on|hover&#8220; subtitle_font_size__hover=&#8220;16px&#8220; overlay_bg_color__hover=&#8220;rgba(10,10,10,0.62)&#8220; overlay_bg_color__hover_enabled=&#8220;on|desktop&#8220;][\/wdcl_image_carousel_child][wdcl_image_carousel_child photo=&#8220;https:\/\/dev.katag.net\/wp-content\/uploads\/sites\/7\/2023\/11\/KATAG_Firmenfeier_Auszeichnung_Leineweber.jpg&#8220; title=&#8220;KATAG100-FIRMENFEIER&#8220; sub_title=&#8220; JETZT LESEN&#8220; content_alignment=&#8220;center&#8220; image_height=&#8220;280px&#8220; title_bottom_spacing=&#8220;7px&#8220; overlay_bg_color=&#8220;rgba(10,10,10,0.35)&#8220; _builder_version=&#8220;4.22.2&#8243; _module_preset=&#8220;default&#8220; title_font=&#8220;Interstate_bold||||||||&#8220; title_text_color=&#8220;#FFFFFF&#8220; title_letter_spacing=&#8220;0px&#8220; subtitle_font=&#8220;||||on||||solid&#8220; subtitle_text_color=&#8220;#FFFFFF&#8220; subtitle_font_size=&#8220;14px&#8220; z_index=&#8220;416&#8243; custom_margin_tablet=&#8220;&#8220; custom_margin_phone=&#8220;|||7px|false|false&#8220; custom_margin_last_edited=&#8220;on|phone&#8220; custom_padding=&#8220;||||false|false&#8220; hover_transition_duration=&#8220;900ms&#8220; link_option_url=&#8220;#firmenfeier&#8220; sticky_offset_top=&#8220;346&#8243; sticky_offset_bottom=&#8220;400&#8243; title_font_size_tablet=&#8220;16px&#8220; title_font_size_phone=&#8220;16px&#8220; title_font_size_last_edited=&#8220;on|tablet&#8220; global_colors_info=&#8220;{}&#8220; title_text_color__hover_enabled=&#8220;off|hover&#8220; title_text_color__hover=&#8220;#b31a19&#8243; title_font_size__hover_enabled=&#8220;off|hover&#8220; title_font_size__hover=&#8220;35px&#8220; subtitle_font_size__hover_enabled=&#8220;on|hover&#8220; subtitle_font_size__hover=&#8220;16px&#8220; overlay_bg_color__hover_enabled=&#8220;on|desktop&#8220; overlay_bg_color__hover=&#8220;rgba(10,10,10,0.62)&#8220; overlay_bg_enable_color__hover=&#8220;on&#8220;][\/wdcl_image_carousel_child][wdcl_image_carousel_child photo=&#8220;https:\/\/dev.katag.net\/wp-content\/uploads\/sites\/7\/2023\/11\/KATAG-Cheftagung_2023_Friedrich_Merz_Regine_Sixt_Dr_Daniel_Terberger_Barbara_Schoeneberger.jpg&#8220; title=&#8220;KATAG-CHEFTAGUNG 2023&#8243; sub_title=&#8220; JETZT LESEN&#8220; content_alignment=&#8220;center&#8220; image_height=&#8220;280px&#8220; overlay_bg_color=&#8220;rgba(10,10,10,0.35)&#8220; _builder_version=&#8220;4.25.2&#8243; _module_preset=&#8220;default&#8220; title_font=&#8220;Interstate_bold||||||||&#8220; title_text_color=&#8220;#FFFFFF&#8220; subtitle_font=&#8220;||||on||||solid&#8220; subtitle_text_color=&#8220;#FFFFFF&#8220; subtitle_font_size=&#8220;14px&#8220; hover_transition_duration=&#8220;900ms&#8220; link_option_url=&#8220;#kct23&#8243; global_colors_info=&#8220;{}&#8220; title_text_color__hover_enabled=&#8220;off|hover&#8220; title_text_color__hover=&#8220;#b31a19&#8243; title_font_size__hover_enabled=&#8220;off|hover&#8220; title_font_size__hover=&#8220;35px&#8220; subtitle_font_size__hover_enabled=&#8220;on|hover&#8220; subtitle_font_size__hover=&#8220;16px&#8220; overlay_bg_color__hover=&#8220;rgba(10,10,10,0.62)&#8220; overlay_bg_color__hover_enabled=&#8220;on|desktop&#8220;][\/wdcl_image_carousel_child][wdcl_image_carousel_child photo=&#8220;https:\/\/dev.katag.net\/wp-content\/uploads\/sites\/7\/2023\/11\/KATAG-Markentag_2023_Dekoration.jpg&#8220; title=&#8220;KATAG-MARKENTAG 2023&#8243; sub_title=&#8220;JETZT LESEN&#8220; content_alignment=&#8220;center&#8220; image_height=&#8220;280px&#8220; overlay_bg_color=&#8220;rgba(10,10,10,0.35)&#8220; _builder_version=&#8220;4.22.2&#8243; _module_preset=&#8220;default&#8220; title_font=&#8220;Interstate_bold||||||||&#8220; title_text_color=&#8220;#FFFFFF&#8220; subtitle_font=&#8220;||||on||||solid&#8220; subtitle_text_color=&#8220;#FFFFFF&#8220; subtitle_font_size=&#8220;14px&#8220; hover_transition_duration=&#8220;900ms&#8220; link_option_url=&#8220;#katag-markentag&#8220; global_colors_info=&#8220;{}&#8220; title_text_color__hover_enabled=&#8220;off|hover&#8220; title_text_color__hover=&#8220;#b31a19&#8243; title_font_size__hover_enabled=&#8220;off|hover&#8220; title_font_size__hover=&#8220;35px&#8220; subtitle_font_size__hover_enabled=&#8220;on|hover&#8220; subtitle_font_size__hover=&#8220;16px&#8220; overlay_bg_color__hover=&#8220;rgba(10,10,10,0.62)&#8220; overlay_bg_color__hover_enabled=&#8220;on|desktop&#8220;][\/wdcl_image_carousel_child][wdcl_image_carousel_child photo=&#8220;https:\/\/dev.katag.net\/wp-content\/uploads\/sites\/7\/2023\/11\/KATAG-Brandbook.jpg&#8220; title=&#8220;KATAG-BRANDBOOK&#8220; sub_title=&#8220;JETZT LESEN&#8220; content_alignment=&#8220;center&#8220; image_height=&#8220;280px&#8220; overlay_bg_color=&#8220;rgba(10,10,10,0.35)&#8220; _builder_version=&#8220;4.22.2&#8243; _module_preset=&#8220;default&#8220; title_font=&#8220;Interstate_bold||||||||&#8220; title_text_color=&#8220;#FFFFFF&#8220; subtitle_font=&#8220;||||on||||solid&#8220; subtitle_text_color=&#8220;#FFFFFF&#8220; subtitle_font_size=&#8220;14px&#8220; hover_transition_duration=&#8220;900ms&#8220; link_option_url=&#8220;#brandbook&#8220; global_colors_info=&#8220;{}&#8220; title_text_color__hover_enabled=&#8220;off|hover&#8220; title_text_color__hover=&#8220;#b31a19&#8243; title_font_size__hover_enabled=&#8220;off|hover&#8220; title_font_size__hover=&#8220;35px&#8220; subtitle_font_size__hover_enabled=&#8220;on|hover&#8220; subtitle_font_size__hover=&#8220;16px&#8220; overlay_bg_color__hover=&#8220;rgba(10,10,10,0.62)&#8220; overlay_bg_color__hover_enabled=&#8220;on|desktop&#8220;][\/wdcl_image_carousel_child][\/wdcl_image_carousel][\/et_pb_column][\/et_pb_row][\/et_pb_section][et_pb_section fb_built=&#8220;1&#8243; disabled_on=&#8220;off|off|off&#8220; admin_label=&#8220;Popup &#8211; #kct25&#8243; module_id=&#8220;kct25&#8243; module_class=&#8220;popup close-alt dark no-shadow&#8220; _builder_version=&#8220;4.27.5&#8243; _module_preset=&#8220;default&#8220; background_color=&#8220;RGBA(255,255,255,0)&#8220; background_enable_image=&#8220;off&#8220; background_blend=&#8220;multiply&#8220; height=&#8220;647px&#8220; custom_padding=&#8220;||||false|false&#8220; da_is_popup=&#8220;on&#8220; da_popup_slug=&#8220;kct25&#8243; da_dark_close=&#8220;on&#8220; da_alt_close=&#8220;on&#8220; da_has_shadow=&#8220;off&#8220; da_disable_devices=&#8220;off|off|off&#8220; global_colors_info=&#8220;{}&#8220; da_exit_intent=&#8220;off&#8220; da_has_close=&#8220;on&#8220; da_not_modal=&#8220;on&#8220; da_is_singular=&#8220;off&#8220; da_with_loader=&#8220;off&#8220;][et_pb_row _builder_version=&#8220;4.27.5&#8243; _module_preset=&#8220;default&#8220; background_color=&#8220;#FFFFFF&#8220; custom_padding=&#8220;|5%|5%|5%|false|false&#8220; global_colors_info=&#8220;{}&#8220;][et_pb_column type=&#8220;4_4&#8243; _builder_version=&#8220;4.19.4&#8243; _module_preset=&#8220;default&#8220; global_colors_info=&#8220;{}&#8220;][et_pb_image src=&#8220;https:\/\/katag.net\/wp-content\/uploads\/2026\/02\/KC26-KATAG-NEWS-Bild-scaled.jpg&#8220; alt=&#8220;KATAG-Cheftagung_2023_Friedrich_Merz_Regine_Sixt_Dr_Terberger_Barbara_Schoeneberger&#8220; title_text=&#8220;68. KATAG-Cheftagung &#8211; Tagesevent in Bielefeld am 27.05.2025&#8243; admin_label=&#8220;kct25&#8243; module_id=&#8220;kct24&#8243; _builder_version=&#8220;4.27.5&#8243; _module_preset=&#8220;default&#8220; global_colors_info=&#8220;{}&#8220;][\/et_pb_image][et_pb_text _builder_version=&#8220;4.27.5&#8243; _module_preset=&#8220;default&#8220; global_colors_info=&#8220;{}&#8220;]<\/p>\n<h3 style=\"font-weight: 400;\">KATAG-Cheftagung: The highlight of the year<\/h3>\n<p style=\"text-align: right;\"><em>News vom 27.05.2025<\/em><\/p>\n<p style=\"font-weight: 400;\"><span>Die KATAG-Cheftagung bildet den glanzvollen H\u00f6hepunkt unseres Veranstaltungskalenders. Als exklusives Forum vereint sie f\u00fchrende Pers\u00f6nlichkeiten aus Wirtschaft, Politik und Gesellschaft zu einem branchen\u00fcbergreifenden Dialog auf h\u00f6chster Ebene. Hier kommen CEOs und Top-Entscheider zusammen, um zukunftsweisende Strategien zu entwerfen und vision\u00e4re Impulse zu teilen \u2013 es ist der Ort, an dem die Weichen f\u00fcr den Erfolg der kommenden Jahre gestellt werden.<\/span><\/p>\n<p>[\/et_pb_text][\/et_pb_column][\/et_pb_row][\/et_pb_section][et_pb_section fb_built=&#8220;1&#8243; disabled_on=&#8220;off|off|off&#8220; admin_label=&#8220;Popup &#8211; #katag-markentag25&#8243; module_id=&#8220;katag-markentag25&#8243; module_class=&#8220;popup close-alt dark no-shadow&#8220; _builder_version=&#8220;4.27.5&#8243; _module_preset=&#8220;default&#8220; background_color=&#8220;RGBA(255,255,255,0)&#8220; background_enable_image=&#8220;off&#8220; background_blend=&#8220;multiply&#8220; height=&#8220;647px&#8220; custom_padding=&#8220;||||false|false&#8220; da_is_popup=&#8220;on&#8220; da_popup_slug=&#8220;katag-markentag25&#8243; da_dark_close=&#8220;on&#8220; da_alt_close=&#8220;on&#8220; da_has_shadow=&#8220;off&#8220; da_disable_devices=&#8220;off|off|off&#8220; global_colors_info=&#8220;{}&#8220; da_exit_intent=&#8220;off&#8220; da_has_close=&#8220;on&#8220; da_not_modal=&#8220;on&#8220; da_is_singular=&#8220;off&#8220; da_with_loader=&#8220;off&#8220;][et_pb_row _builder_version=&#8220;4.19.4&#8243; _module_preset=&#8220;default&#8220; background_color=&#8220;#FFFFFF&#8220; custom_padding=&#8220;|5%|5%|5%|false|false&#8220; global_colors_info=&#8220;{}&#8220;][et_pb_column type=&#8220;4_4&#8243; _builder_version=&#8220;4.19.4&#8243; _module_preset=&#8220;default&#8220; global_colors_info=&#8220;{}&#8220;][et_pb_image src=&#8220;https:\/\/katag.net\/wp-content\/uploads\/2026\/02\/katag-markentag-foto-marvin-ruppert-scaled.jpg&#8220; alt=&#8220;KATAG_Markentag&#8220; title_text=&#8220;KATAG-Markentag 2025, Bielefeld, 03.04.25. Foto: Marvin Ruppert\/KATAG AG&#8220; _builder_version=&#8220;4.27.5&#8243; _module_preset=&#8220;default&#8220; global_colors_info=&#8220;{}&#8220;][\/et_pb_image][et_pb_text _builder_version=&#8220;4.27.5&#8243; _module_preset=&#8220;default&#8220; global_colors_info=&#8220;{}&#8220;]<\/p>\n<h3 style=\"font-weight: 400;\">&#8222;Make People Move!&#8220;<\/h3>\n<p><span><\/span><\/p>\n<p style=\"text-align: right;\"><span><em>News vom 03.04.2025<\/em><\/span><\/p>\n<p>Am 02. und 03. April 2025 verwandelte sich unser Standort in Bielefeld erneut in einen pulsierenden Branchentreffpunkt. Auf einer Fl\u00e4che von rund 3.000 Quadratmetern pr\u00e4sentierten \u00fcber 120 Fashion-Marken und Dienstleister ihre neuesten Kollektionen und innovativen Services. Das Event bot die ideale Plattform f\u00fcr den strategischen Austausch mit Bestandskunden sowie zur Kn\u00fcpfung wertvoller neuer Kontakte.<\/p>\n<p>Unsere Handelspartner nutzten die Gelegenheit, um sich einen umfassenden Markt\u00fcberblick zu verschaffen, frische Impulse zu sammeln und zukunftsweisende Ideen f\u00fcr ihr Gesch\u00e4ft mitzunehmen. Abgerundet wurde die Veranstaltung durch eine exklusive Pre-Event Party am Vorabend, die mit erstklassigem Entertainment und kulinarischen Highlights den perfekten Rahmen f\u00fcr intensives Networking bot.<\/p>\n<p>Wir freuen uns sehr \u00fcber die durchweg positive Resonanz zu unserem besonderen KATAG-Markentag und bedanken uns herzlich bei allen Ausstellern, G\u00e4sten und den Organisatoren f\u00fcr dieses fantastische Event.<\/p>\n<p>Weitere Impressionen und Details finden Sie im vollst\u00e4ndigen Artikel der TextilWirtschaft: <a href=\"https:\/\/www.textilwirtschaft.de\/business\/news\/branchengipfel-in-bielefeld-katag-markentag-der-ertrag-liegt-im-detail-250075\">https:\/\/www.textilwirtschaft.de\/business\/news\/branchengipfel-in-bielefeld-katag-markentag-der-ertrag-liegt-im-detail-250075<\/a>\u00a0<span><a href=\"https:\/\/www.textilwirtschaft.de\/business\/news\/katag-markentag-ein-messe-format-wie-ein-espresso-244732\"><\/a><\/span><\/p>\n<p>(KATAG-MARKENTAG \u2013 &#8222;Druck auf die zweite Saisonh\u00e4lfte steigt&#8220;)<\/p>\n<p>[\/et_pb_text][\/et_pb_column][\/et_pb_row][\/et_pb_section][et_pb_section fb_built=&#8220;1&#8243; admin_label=&#8220;Popup &#8211; #kct24&#8243; module_id=&#8220;kct24&#8243; module_class=&#8220;popup close-alt dark no-shadow&#8220; _builder_version=&#8220;4.25.2&#8243; _module_preset=&#8220;default&#8220; background_color=&#8220;RGBA(255,255,255,0)&#8220; background_enable_image=&#8220;off&#8220; background_blend=&#8220;multiply&#8220; height=&#8220;647px&#8220; custom_padding=&#8220;||||false|false&#8220; da_is_popup=&#8220;on&#8220; da_popup_slug=&#8220;kct24&#8243; da_dark_close=&#8220;on&#8220; da_alt_close=&#8220;on&#8220; da_has_shadow=&#8220;off&#8220; da_disable_devices=&#8220;off|off|off&#8220; global_colors_info=&#8220;{}&#8220; da_exit_intent=&#8220;off&#8220; da_has_close=&#8220;on&#8220; da_not_modal=&#8220;on&#8220; da_is_singular=&#8220;off&#8220; da_with_loader=&#8220;off&#8220;][et_pb_row _builder_version=&#8220;4.19.4&#8243; _module_preset=&#8220;default&#8220; background_color=&#8220;#FFFFFF&#8220; custom_padding=&#8220;|5%|5%|5%|false|false&#8220; global_colors_info=&#8220;{}&#8220;][et_pb_column type=&#8220;4_4&#8243; _builder_version=&#8220;4.19.4&#8243; _module_preset=&#8220;default&#8220; global_colors_info=&#8220;{}&#8220;][et_pb_image src=&#8220;https:\/\/katag.net\/wp-content\/uploads\/2024\/06\/KATAG-Cheftagung_2024_Barbara_Schoeneberger_Karl-Heinz_Rummenigge_.jpg&#8220; alt=&#8220;KATAG-Cheftagung_2023_Friedrich_Merz_Regine_Sixt_Dr_Terberger_Barbara_Schoeneberger&#8220; title_text=&#8220;67. KATAG-Cheftagung &#8211; Tagesevent in Bielefeld am 03.06.2024&#8243; admin_label=&#8220;kct24&#8243; module_id=&#8220;kct24&#8243; _builder_version=&#8220;4.27.5&#8243; _module_preset=&#8220;default&#8220; global_colors_info=&#8220;{}&#8220;][\/et_pb_image][et_pb_text _builder_version=&#8220;4.22.2&#8243; _module_preset=&#8220;default&#8220; global_colors_info=&#8220;{}&#8220;]<\/p>\n<h3 style=\"font-weight: 400;\">KATAG-Cheftagung: The highlight of the year<\/h3>\n<p style=\"text-align: right;\"><em>News vom 03.06.2024<\/em><\/p>\n<p style=\"font-weight: 400;\"><span>Das Highlight unseres Eventkalenders ist zweifellos die KATAG-Cheftagung. Diese Zusammenkunft der F\u00fchrungskr\u00e4fte aus Wirtschaft, Politik und Gesellschaft ist der H\u00f6hepunkt unserer j\u00e4hrlichen Veranstaltungen. Hier kommen Brachen \u00fcbergreifend die CEO\u00b4s und Top-Entscheider zusammen, um wirtschaftliche Strategien zu diskutieren, und Visionen zu teilen. Hier werden die Weichen f\u00fcr den Erfolg der kommenden Jahre gestellt.<\/span><\/p>\n<p>[\/et_pb_text][\/et_pb_column][\/et_pb_row][\/et_pb_section][et_pb_section fb_built=&#8220;1&#8243; admin_label=&#8220;Popup &#8211; #katag-markentag24&#8243; module_id=&#8220;katag-markentag24&#8243; module_class=&#8220;popup close-alt dark no-shadow&#8220; _builder_version=&#8220;4.27.5&#8243; _module_preset=&#8220;default&#8220; background_color=&#8220;RGBA(255,255,255,0)&#8220; background_enable_image=&#8220;off&#8220; background_blend=&#8220;multiply&#8220; height=&#8220;647px&#8220; custom_padding=&#8220;||||false|false&#8220; da_is_popup=&#8220;on&#8220; da_popup_slug=&#8220;katag-markentag24&#8243; da_dark_close=&#8220;on&#8220; da_alt_close=&#8220;on&#8220; da_has_shadow=&#8220;off&#8220; da_disable_devices=&#8220;off|off|off&#8220; global_colors_info=&#8220;{}&#8220; da_exit_intent=&#8220;off&#8220; da_has_close=&#8220;on&#8220; da_not_modal=&#8220;on&#8220; da_is_singular=&#8220;off&#8220; da_with_loader=&#8220;off&#8220;][et_pb_row _builder_version=&#8220;4.19.4&#8243; _module_preset=&#8220;default&#8220; background_color=&#8220;#FFFFFF&#8220; custom_padding=&#8220;|5%|5%|5%|false|false&#8220; global_colors_info=&#8220;{}&#8220;][et_pb_column type=&#8220;4_4&#8243; _builder_version=&#8220;4.19.4&#8243; _module_preset=&#8220;default&#8220; global_colors_info=&#8220;{}&#8220;][et_pb_image src=&#8220;https:\/\/katag.net\/wp-content\/uploads\/2024\/04\/c-Marvin-Ruppert-2024-04-18-KATAG-Markentag-479-Stand-58-ECE-Cale-Kalay.jpg&#8220; alt=&#8220;KATAG_Markentag&#8220; title_text=&#8220;KATAG-Markentag 2024, Bielefeld, 18.04.24. Foto: Marvin Ruppert&#8220; _builder_version=&#8220;4.25.0&#8243; _module_preset=&#8220;default&#8220; global_colors_info=&#8220;{}&#8220;][\/et_pb_image][et_pb_text _builder_version=&#8220;4.25.0&#8243; _module_preset=&#8220;default&#8220; global_colors_info=&#8220;{}&#8220;]<\/p>\n<h3 style=\"font-weight: 400;\">&#8222;Ein Messe-Format wie ein Espresso&#8220;<\/h3>\n<p><span><\/span><\/p>\n<p style=\"text-align: right;\"><span><em>News vom 18.04.2024<\/em><\/span><\/p>\n<p>Am 17. und 18. April pr\u00e4sentierten sich \u00fcber 120 Fashion-Marken und Dienstleister auf einer Fl\u00e4che von etwa 3000 Quadratmetern an unserem Standort in Bielefeld. Sie nutzten die Gelegenheit, ihre Kollektionen vorzustellen, sich mit bestehenden Kunden auszutauschen und neue Kunden zu gewinnen. Unsere Handelspartner konnten sich einen umfassenden \u00dcberblick verschaffen, sich inspirieren lassen und viele neue Ideen sammeln.<\/p>\n<p>Auf unserer Pre-Event Party am Abend sorgten DJ MINO, Interviewer Cale Kalay und unsere Drag Queen Catherrine f\u00fcr gute Stimmung, w\u00e4hrend Grillweltmeister Klaus Breinig unsere G\u00e4ste mit kulinarischen Gen\u00fcssen verw\u00f6hnte.<\/p>\n<p>Wir freuen uns sehr \u00fcber das positive Feed f\u00fcr diesen besonderen KATAG-Markentag und m\u00f6chten uns an dieser Stelle herzlich bei allen Ausstellern, G\u00e4sten und den Organisatoren dieses fantastischen Events bedanken.<\/p>\n<p>\u00a0&#8222;Meine Erwartungen wurden, ehrlich gesagt, \u00fcbertroffen\u201c, so Fynch-Hatton-CEO Mathias Eckert.<\/p>\n<p>Wenn Sie weitere Informationen\/Eindr\u00fccke zu unserem KATAG-Markentag nachlesen m\u00f6chten, finden Sie unter folgendem Link den gesamten Artikel der TextilWirtschaft: <span><a href=\"https:\/\/www.textilwirtschaft.de\/business\/news\/katag-markentag-ein-messe-format-wie-ein-espresso-244732\">https:\/\/www.textilwirtschaft.de\/business\/news\/katag-markentag-ein-messe-format-wie-ein-espresso-244732<\/a><a href=\"https:\/\/www.textilwirtschaft.de\/business\/news\/katag-markentag-ein-messe-format-wie-ein-espresso-244732\"><\/a><\/span><\/p>\n<p>(KATAG-MARKENTAG \u2013 &#8222;Ein Messe-Format wie ein Espresso&#8220;)<\/p>\n<p>[\/et_pb_text][\/et_pb_column][\/et_pb_row][\/et_pb_section][et_pb_section fb_built=&#8220;1&#8243; admin_label=&#8220;Popup &#8211; #brandbook&#8220; module_id=&#8220;brandbook&#8220; module_class=&#8220;popup close-alt dark no-shadow&#8220; _builder_version=&#8220;4.22.2&#8243; _module_preset=&#8220;default&#8220; background_color=&#8220;RGBA(255,255,255,0)&#8220; background_enable_image=&#8220;off&#8220; background_blend=&#8220;multiply&#8220; height=&#8220;647px&#8220; custom_padding=&#8220;||||false|false&#8220; da_is_popup=&#8220;on&#8220; da_popup_slug=&#8220;brandbook&#8220; da_dark_close=&#8220;on&#8220; da_alt_close=&#8220;on&#8220; da_has_shadow=&#8220;off&#8220; da_disable_devices=&#8220;off|off|off&#8220; global_colors_info=&#8220;{}&#8220; da_exit_intent=&#8220;off&#8220; da_has_close=&#8220;on&#8220; da_not_modal=&#8220;on&#8220; da_is_singular=&#8220;off&#8220; da_with_loader=&#8220;off&#8220;][et_pb_row _builder_version=&#8220;4.19.4&#8243; _module_preset=&#8220;default&#8220; background_color=&#8220;#FFFFFF&#8220; custom_padding=&#8220;|5%|5%|5%|false|false&#8220; global_colors_info=&#8220;{}&#8220;][et_pb_column type=&#8220;4_4&#8243; _builder_version=&#8220;4.19.4&#8243; _module_preset=&#8220;default&#8220; global_colors_info=&#8220;{}&#8220;][et_pb_image src=&#8220;https:\/\/dev.katag.net\/wp-content\/uploads\/sites\/7\/2023\/11\/KATAG-Brandbook.jpg&#8220; alt=&#8220;KATAG_Markentag&#8220; title_text=&#8220;KATAG-Brandbook&#8220; _builder_version=&#8220;4.22.2&#8243; _module_preset=&#8220;default&#8220; global_colors_info=&#8220;{}&#8220;][\/et_pb_image][et_pb_text _builder_version=&#8220;4.22.2&#8243; _module_preset=&#8220;default&#8220; global_colors_info=&#8220;{}&#8220;]<\/p>\n<h3 style=\"font-weight: 400\"><span>Aufregende Neuigkeit: wir stellen Ihnen unser Brandbook vor! <\/span><\/h3>\n<p><span><\/span><\/p>\n<p style=\"text-align: right\"><span><em>News vom 06.07.2023<\/em><\/span><\/p>\n<p><span>Eine \u00dcbersicht von visueller und textlicher Darstellung unserer Markenfamilie.<\/span><br \/><span>\u00a0<\/span><br \/><span>Wir berichten unter anderem davon, wo unsere Brands aus der DOB, HAKA und KIKO, wie (THE MERCER) N.Y., Basefield und STACCATO, herkommen und was sie ausmacht. Unsere W\u00e4sche und Haus- &amp; Heimtex Bereiche, InLinea Secret und Living Dreams, sind ebenfalls vertreten.<\/span><br \/><span>\u00a0<\/span><br \/><span>Zus\u00e4tzlich haben wir Analysen in Bezug auf Zielgruppe, Stil, Schwerpunkt-Qualit\u00e4ten und Warengruppen-Spektrum der einzelnen Untermarken der KATAG AG erstellt, damit Sie eine genaue Vorstellung davon haben, welche Zielgruppe Sie mit unseren Marken erreichen k\u00f6nnen und wof\u00fcr sie steht.<\/span><br \/><span>\u00a0<\/span><br \/><span>Sie interessieren sich f\u00fcr unsere Marken? \u2013 Dann schauen Sie einfach vorbei und machen sich selbst einen Eindruck:<\/span><br \/><a href=\"https:\/\/lnkd.in\/eWMTmhRm\" data-attribute-index=\"6\" target=\"_self\" rel=\"noopener\">https:\/\/lnkd.in\/eWMTmhRm<\/a><\/p>\n<p>[\/et_pb_text][\/et_pb_column][\/et_pb_row][\/et_pb_section][et_pb_section fb_built=&#8220;1&#8243; admin_label=&#8220;Popup &#8211; #katag-markentag&#8220; module_id=&#8220;katag-markentag&#8220; module_class=&#8220;popup close-alt dark no-shadow&#8220; _builder_version=&#8220;4.22.2&#8243; _module_preset=&#8220;default&#8220; background_color=&#8220;RGBA(255,255,255,0)&#8220; background_enable_image=&#8220;off&#8220; background_blend=&#8220;multiply&#8220; height=&#8220;647px&#8220; custom_padding=&#8220;||||false|false&#8220; da_is_popup=&#8220;on&#8220; da_popup_slug=&#8220;katag-markentag&#8220; da_dark_close=&#8220;on&#8220; da_alt_close=&#8220;on&#8220; da_has_shadow=&#8220;off&#8220; da_disable_devices=&#8220;off|off|off&#8220; global_colors_info=&#8220;{}&#8220; da_exit_intent=&#8220;off&#8220; da_has_close=&#8220;on&#8220; da_not_modal=&#8220;on&#8220; da_is_singular=&#8220;off&#8220; da_with_loader=&#8220;off&#8220;][et_pb_row _builder_version=&#8220;4.19.4&#8243; _module_preset=&#8220;default&#8220; background_color=&#8220;#FFFFFF&#8220; custom_padding=&#8220;|5%|5%|5%|false|false&#8220; global_colors_info=&#8220;{}&#8220;][et_pb_column type=&#8220;4_4&#8243; _builder_version=&#8220;4.19.4&#8243; _module_preset=&#8220;default&#8220; global_colors_info=&#8220;{}&#8220;][et_pb_image src=&#8220;https:\/\/dev.katag.net\/wp-content\/uploads\/sites\/7\/2023\/11\/KATAG-Markentag_2023_Papis_Loveday_Kundengespraech.jpg&#8220; alt=&#8220;KATAG_Markentag&#8220; title_text=&#8220;KATAG-Markentag_2023_Papis_Loveday_Kundengespraech&#8220; _builder_version=&#8220;4.22.2&#8243; _module_preset=&#8220;default&#8220; global_colors_info=&#8220;{}&#8220;][\/et_pb_image][et_pb_text _builder_version=&#8220;4.22.2&#8243; _module_preset=&#8220;default&#8220; global_colors_info=&#8220;{}&#8220;]<\/p>\n<h3 style=\"font-weight: 400\"><span>\u201e2 DAY(s) for TOMORROW \u2013 INNOVATION, EMOTION &amp; MORE\u201c war das Motto des diesj\u00e4hrigen KATAG-Markentages<\/span><\/h3>\n<p style=\"text-align: right\"><em>News vom 28.04.2023<\/em><\/p>\n<p><span>Am 26. und 27. April haben sich 110 Fashion-Brands und Dienstleister auf ca. 3000 qm an unserem Standort in Bielefeld pr\u00e4sentiert. <\/span><br \/><span>Die s.Oliver Group, Mango, Tamaris, Tom Tailor, State of Art, Betty Barclay und viele weitere Marken haben die M\u00f6glichkeit genutzt, ihre Kollektionen zu pr\u00e4sentieren, sich mit bestehenden Kunden auszutauschen und neue zu gewinnen. Unsere Partner aus dem Handel konnten sich einen umfassenden \u00dcberblick verschaffen, sich inspirieren lassen und viele neue Ideen sammeln.<\/span><\/p>\n<p><span>Erstmalig haben wir unseren Ausstellern aus dem Bereich \u201eDigitales\u201c eine ganze Etage gewidmet und den Besuchern auch im Rahmen verschiedener Vortr\u00e4ge spannende Einblicke in die Welt der Digitalisierung geben k\u00f6nnen.<\/span><\/p>\n<p><span>Auf unserer abendlichen TOMORROW PARTY sorgten DJ MINO und unser Star-Interviewer <\/span>Papis Loveday<span> f\u00fcr beste Stimmung, der GRILLMEISTER f\u00fcr kulinarische K\u00f6stlichkeiten.<\/span><\/p>\n<p><span>Wir sind sehr gl\u00fccklich \u00fcber diesen besonderen KATAG-Markentag in unserem Jubil\u00e4umsjahr und m\u00f6chten uns an dieser Stelle bei allen Ausstellern, G\u00e4sten und den Organisatoren dieses fantastischen Events ganz herzlich bedanken.<\/span><\/p>\n<p><span>Unser Vorstand <\/span>Dr. Daniel Terberger<span> m\u00f6chte mit dem KATAG-Markentag, den Marken und Menschen in erster Linie eine Plattform f\u00fcr inhaltliche Gespr\u00e4che geben. (Quelle: Artikel der <\/span><a href=\"https:\/\/www.linkedin.com\/company\/textilwirtschaft\/\" data-attribute-index=\"4\" data-entity-type=\"MINI_COMPANY\">TextilWirtschaft<\/a><span>)<\/span><\/p>\n<p><span>Wenn Sie weitere Informationen\/Eindr\u00fccke zu unserem KATAG-Markentag nachlesen m\u00f6chten, finden Sie unter folgendem Link den gesamten Artikel der Textilwirtschaft: <\/span><a href=\"https:\/\/lnkd.in\/ecaKQwcS\" data-attribute-index=\"10\" target=\"_self\" rel=\"noopener\">https:\/\/lnkd.in\/ecaKQwcS<\/a><br \/><span>(Katag-Markentag 2023: &#8222;Wir brauchen eine Plattform&#8220;)<\/span><\/p>\n<p>[\/et_pb_text][\/et_pb_column][\/et_pb_row][\/et_pb_section][et_pb_section fb_built=&#8220;1&#8243; admin_label=&#8220;Popup &#8211; #kct23&#8243; module_id=&#8220;kct23&#8243; module_class=&#8220;popup close-alt dark no-shadow&#8220; _builder_version=&#8220;4.25.2&#8243; _module_preset=&#8220;default&#8220; background_color=&#8220;RGBA(255,255,255,0)&#8220; background_enable_image=&#8220;off&#8220; background_blend=&#8220;multiply&#8220; height=&#8220;647px&#8220; custom_padding=&#8220;||||false|false&#8220; da_is_popup=&#8220;on&#8220; da_popup_slug=&#8220;kct23&#8243; da_dark_close=&#8220;on&#8220; da_alt_close=&#8220;on&#8220; da_has_shadow=&#8220;off&#8220; da_disable_devices=&#8220;off|off|off&#8220; global_colors_info=&#8220;{}&#8220; da_exit_intent=&#8220;off&#8220; da_has_close=&#8220;on&#8220; da_not_modal=&#8220;on&#8220; da_is_singular=&#8220;off&#8220; da_with_loader=&#8220;off&#8220;][et_pb_row _builder_version=&#8220;4.19.4&#8243; _module_preset=&#8220;default&#8220; background_color=&#8220;#FFFFFF&#8220; custom_padding=&#8220;|5%|5%|5%|false|false&#8220; global_colors_info=&#8220;{}&#8220;][et_pb_column type=&#8220;4_4&#8243; _builder_version=&#8220;4.19.4&#8243; _module_preset=&#8220;default&#8220; global_colors_info=&#8220;{}&#8220;][et_pb_image src=&#8220;https:\/\/dev.katag.net\/wp-content\/uploads\/sites\/7\/2023\/11\/KATAG-Cheftagung_2023_Friedrich_Merz_Regine_Sixt_Dr_Daniel_Terberger_Barbara_Schoeneberger.jpg&#8220; alt=&#8220;KATAG-Cheftagung_2023_Friedrich_Merz_Regine_Sixt_Dr_Terberger_Barbara_Schoeneberger&#8220; title_text=&#8220;KATAG-Cheftagung_2023_Friedrich_Merz_Regine_Sixt_Dr_Daniel_Terberger_Barbara_Schoeneberger&#8220; _builder_version=&#8220;4.22.2&#8243; _module_preset=&#8220;default&#8220; global_colors_info=&#8220;{}&#8220;][\/et_pb_image][et_pb_text _builder_version=&#8220;4.22.2&#8243; _module_preset=&#8220;default&#8220; global_colors_info=&#8220;{}&#8220;]<\/p>\n<h3 style=\"font-weight: 400\">KATAG-Cheftagung: The highlight of the year<\/h3>\n<p style=\"text-align: right\"><em>News vom 06.06.2023<\/em><\/p>\n<p style=\"font-weight: 400\"><span>Das Highlight unseres Eventkalenders ist zweifellos die KATAG-Cheftagung. Diese Zusammenkunft der F\u00fchrungskr\u00e4fte aus Wirtschaft, Politik und Gesellschaft ist der H\u00f6hepunkt unserer j\u00e4hrlichen Veranstaltungen. Hier kommen Brachen \u00fcbergreifend die CEO\u00b4s und Top-Entscheider zusammen, um wirtschaftliche Strategien zu diskutieren, und Visionen zu teilen. Hier werden die Weichen f\u00fcr den Erfolg der kommenden Jahre gestellt.<\/span><\/p>\n<p>[\/et_pb_text][\/et_pb_column][\/et_pb_row][\/et_pb_section][et_pb_section fb_built=&#8220;1&#8243; admin_label=&#8220;Popup &#8211; #firmenfeier&#8220; module_id=&#8220;firmenfeier&#8220; module_class=&#8220;popup close-alt dark no-shadow&#8220; _builder_version=&#8220;4.22.2&#8243; _module_preset=&#8220;default&#8220; background_color=&#8220;RGBA(255,255,255,0)&#8220; background_enable_image=&#8220;off&#8220; background_blend=&#8220;multiply&#8220; height=&#8220;647px&#8220; custom_padding=&#8220;||||false|false&#8220; da_is_popup=&#8220;on&#8220; da_popup_slug=&#8220;firmenfeier&#8220; da_dark_close=&#8220;on&#8220; da_alt_close=&#8220;on&#8220; da_has_shadow=&#8220;off&#8220; da_disable_devices=&#8220;off|off|off&#8220; global_colors_info=&#8220;{}&#8220; da_exit_intent=&#8220;off&#8220; da_has_close=&#8220;on&#8220; da_not_modal=&#8220;on&#8220; da_is_singular=&#8220;off&#8220; da_with_loader=&#8220;off&#8220;][et_pb_row _builder_version=&#8220;4.19.4&#8243; _module_preset=&#8220;default&#8220; background_color=&#8220;#FFFFFF&#8220; custom_padding=&#8220;|5%|5%|5%|false|false&#8220; global_colors_info=&#8220;{}&#8220;][et_pb_column type=&#8220;4_4&#8243; _builder_version=&#8220;4.19.4&#8243; _module_preset=&#8220;default&#8220; global_colors_info=&#8220;{}&#8220;][et_pb_image src=&#8220;https:\/\/dev.katag.net\/wp-content\/uploads\/sites\/7\/2023\/11\/KATAG_Firmenfeier_Auszeichnung_Leineweber.jpg&#8220; alt=&#8220;KATAG_Firmenfeier_Bronze_Leineweber_Statue&#8220; title_text=&#8220;KATAG_Firmenfeier_Auszeichnung_Leineweber&#8220; _builder_version=&#8220;4.22.2&#8243; _module_preset=&#8220;default&#8220; global_colors_info=&#8220;{}&#8220;][\/et_pb_image][et_pb_text _builder_version=&#8220;4.22.2&#8243; _module_preset=&#8220;default&#8220; global_colors_info=&#8220;{}&#8220;]<\/p>\n<h3 style=\"font-weight: 400\">Another KATAG-Highlight<\/h3>\n<p style=\"text-align: right\"><span><em>News from 25.09.2023<\/em><\/span><\/p>\n<p><span>Last Friday we celebrated the \"KATAG100\" milestone together with our colleagues!<\/span><br \/><span>We gathered in the beautiful ambience of The Bernstein Bielefeld to celebrate a century of success, commitment and teamwork.<\/span><br \/><span>It was an evening full of unforgettable moments with a live performance and a visit from a special guest.<\/span><\/p>\n<p><span>The Lord Mayor presented us with a bronze linen weaver for KATAG100 on behalf of the city of Bielefeld and there was also a singing performance by \"The Voice Senior\" finalist 2019, Claus Diercks.<\/span><br \/><span>\u00a0<\/span><br \/><span>We would like to thank everyone involved for this special evening. Thank you to all our employees who contributed to KATAG100 as well.<\/span><\/p>\n<p>[\/et_pb_text][\/et_pb_column][\/et_pb_row][\/et_pb_section][et_pb_section fb_built=&#8220;1&#8243; admin_label=&#8220;Section&#8220; _builder_version=&#8220;4.22.2&#8243; _module_preset=&#8220;default&#8220; background_color=&#8220;#FFFFFF&#8220; custom_padding=&#8220;4%||3%||false|false&#8220; da_disable_devices=&#8220;off|off|off&#8220; global_colors_info=&#8220;{}&#8220; da_is_popup=&#8220;off&#8220; da_exit_intent=&#8220;off&#8220; da_has_close=&#8220;on&#8220; da_alt_close=&#8220;off&#8220; da_dark_close=&#8220;off&#8220; da_not_modal=&#8220;on&#8220; da_is_singular=&#8220;off&#8220; da_with_loader=&#8220;off&#8220; da_has_shadow=&#8220;on&#8220;][et_pb_row column_structure=&#8220;1_2,1_2&#8243; make_equal=&#8220;on&#8220; _builder_version=&#8220;4.22.2&#8243; _module_preset=&#8220;default&#8220; width=&#8220;100%&#8220; max_width=&#8220;100%&#8220; custom_margin=&#8220;-50px||20px||false|false&#8220; custom_padding=&#8220;0px||0px||false|false&#8220; global_colors_info=&#8220;{}&#8220;][et_pb_column type=&#8220;1_2&#8243; admin_label=&#8220;Spalte&#8220; _builder_version=&#8220;4.19.4&#8243; _module_preset=&#8220;default&#8220; global_colors_info=&#8220;{}&#8220;][et_pb_image src=&#8220;https:\/\/katag.net\/wp-content\/uploads\/2025\/10\/Bildschirmfoto-2025-10-14-um-13.54.11.png&#8220; title_text=&#8220;Bildschirmfoto 2025-10-14 um 13.54.11&#8243; align=&#8220;right&#8220; align_tablet=&#8220;right&#8220; align_phone=&#8220;center&#8220; align_last_edited=&#8220;on|phone&#8220; admin_label=&#8220;Bild&#8220; _builder_version=&#8220;4.27.4&#8243; _module_preset=&#8220;default&#8220; width=&#8220;44%&#8220; max_width=&#8220;90%&#8220; module_alignment=&#8220;right&#8220; custom_margin=&#8220;11px|48px||48px|false|true&#8220; custom_margin_tablet=&#8220;||17px||false|false&#8220; custom_margin_phone=&#8220;|0px||0px|false|false&#8220; custom_margin_last_edited=&#8220;on|tablet&#8220; custom_padding=&#8220;8%|0px||1px|false|false&#8220; module_alignment_tablet=&#8220;center&#8220; module_alignment_phone=&#8220;center&#8220; module_alignment_last_edited=&#8220;on|desktop&#8220; border_radii=&#8220;off||1px|1px|1px&#8220; global_colors_info=&#8220;{}&#8220;][\/et_pb_image][\/et_pb_column][et_pb_column type=&#8220;1_2&#8243; module_class=&#8220;vertikal-zentrieren&#8220; admin_label=&#8220;Spalte&#8220; _builder_version=&#8220;4.22.2&#8243; _module_preset=&#8220;default&#8220; global_colors_info=&#8220;{}&#8220;][et_pb_text _builder_version=&#8220;4.22.2&#8243; _module_preset=&#8220;default&#8220; text_text_color=&#8220;#0a0a0a&#8220; header_3_text_align=&#8220;left&#8220; header_3_text_color=&#8220;#0A0A0A&#8220; header_4_text_align=&#8220;left&#8220; custom_margin=&#8220;10%|18%|4px|42px|false|false&#8220; custom_margin_tablet=&#8220;0%|10%|0px|10%|false|false&#8220; custom_margin_phone=&#8220;0%|10%|0px|10%|false|false&#8220; custom_margin_last_edited=&#8220;on|desktop&#8220; header_3_text_align_tablet=&#8220;center&#8220; header_3_text_align_phone=&#8220;left&#8220; header_3_text_align_last_edited=&#8220;on|phone&#8220; text_orientation_tablet=&#8220;center&#8220; text_orientation_phone=&#8220;left&#8220; text_orientation_last_edited=&#8220;on|tablet&#8220; global_colors_info=&#8220;{}&#8220;]<\/p>\n<h3>KATAG-NEWS<\/h3>\n<h3>BROWSE DIGITALLY<\/h3>\n<p style=\"font-weight: 400;\">Discover KATAG News, our in-house magazine, which offers you exclusive insights into the exciting world of events within the KATAG Group. You will receive a summarised overview of the key topics and issues in our industry. Depending on the issue, you will receive information on current trends, sustainability issues or political guests at KATAG events.<\/p>\n<p>[\/et_pb_text][et_pb_button button_url=&#8220;#katag-cheftagung_news&#8220; button_text=&#8220;JETZT INTERAKTIV ERLEBEN&#8220; button_alignment=&#8220;left&#8220; button_alignment_tablet=&#8220;center&#8220; button_alignment_phone=&#8220;center&#8220; button_alignment_last_edited=&#8220;on|tablet&#8220; admin_label=&#8220;Button&#8220; _builder_version=&#8220;4.27.4&#8243; _module_preset=&#8220;default&#8220; custom_button=&#8220;on&#8220; button_text_size=&#8220;17px&#8220; button_text_color=&#8220;#0a0a0a&#8220; button_bg_color=&#8220;RGBA(255,255,255,0)&#8220; button_border_width=&#8220;1px&#8220; button_border_color=&#8220;#0a0a0a&#8220; button_border_radius=&#8220;100px&#8220; button_letter_spacing=&#8220;1px&#8220; button_font=&#8220;Interstate_light|||on|||||&#8220; button_icon=&#8220;&#x35;||divi||400&#8243; transform_translate_linked=&#8220;off&#8220; custom_margin=&#8220;3%|40.5%||5.5%|false|false&#8220; custom_margin_tablet=&#8220;28px|0%||0%|false|false&#8220; custom_margin_phone=&#8220;6%|0px|||false|false&#8220; custom_margin_last_edited=&#8220;on|phone&#8220; custom_padding=&#8220;1%||1%||false|false&#8220; button_text_size_tablet=&#8220;&#8220; button_text_size_phone=&#8220;13px&#8220; button_text_size_last_edited=&#8220;on|phone&#8220; button_letter_spacing_tablet=&#8220;&#8220; button_letter_spacing_phone=&#8220;0px&#8220; button_letter_spacing_last_edited=&#8220;on|phone&#8220; global_colors_info=&#8220;{}&#8220; button_bg_color__hover_enabled=&#8220;on|desktop&#8220; button_bg_color__hover=&#8220;#A8332F&#8220; button_bg_enable_color__hover=&#8220;on&#8220; button_border_color__hover_enabled=&#8220;on|desktop&#8220; button_border_color__hover=&#8220;#8B2E6E&#8220; button_text_color__hover_enabled=&#8220;on|hover&#8220; button_text_color__hover=&#8220;#FFFFFF&#8220;][\/et_pb_button][\/et_pb_column][\/et_pb_row][\/et_pb_section][et_pb_section fb_built=&#8220;1&#8243; admin_label=&#8220;Section&#8220; _builder_version=&#8220;4.27.4&#8243; _module_preset=&#8220;default&#8220; background_color=&#8220;#ffffff&#8220; background_image=&#8220;https:\/\/katag.net\/wp-content\/uploads\/2025\/10\/CT25alt.png&#8220; background_blend=&#8220;multiply&#8220; da_disable_devices=&#8220;off|off|off&#8220; global_colors_info=&#8220;{}&#8220; da_is_popup=&#8220;off&#8220; da_exit_intent=&#8220;off&#8220; da_has_close=&#8220;on&#8220; da_alt_close=&#8220;off&#8220; da_dark_close=&#8220;off&#8220; da_not_modal=&#8220;on&#8220; da_is_singular=&#8220;off&#8220; da_with_loader=&#8220;off&#8220; da_has_shadow=&#8220;on&#8220;][et_pb_row _builder_version=&#8220;4.27.4&#8243; _module_preset=&#8220;default&#8220; global_colors_info=&#8220;{}&#8220;][et_pb_column type=&#8220;4_4&#8243; admin_label=&#8220;Spalte&#8220; _builder_version=&#8220;4.27.4&#8243; _module_preset=&#8220;default&#8220; global_colors_info=&#8220;{}&#8220;][et_pb_text _builder_version=&#8220;4.27.4&#8243; _module_preset=&#8220;default&#8220; text_text_color=&#8220;#FFFFFF&#8220; header_2_font=&#8220;Interstate||||||||&#8220; header_2_text_color=&#8220;#FFFFFF&#8220; header_3_text_align=&#8220;left&#8220; header_3_text_color=&#8220;#FFFFFF&#8220; global_colors_info=&#8220;{}&#8220;]<\/p>\n<h3>KATAG-CHEFTAGUNG 2025<\/h3>\n<p>MAGAZIN \/ AUSGABE 01_2025<\/p>\n<p>[\/et_pb_text][\/et_pb_column][\/et_pb_row][et_pb_row column_structure=&#8220;1_3,1_3,1_3&#8243; _builder_version=&#8220;4.27.4&#8243; _module_preset=&#8220;default&#8220; global_colors_info=&#8220;{}&#8220;][et_pb_column type=&#8220;1_3&#8243; _builder_version=&#8220;4.19.4&#8243; _module_preset=&#8220;default&#8220; global_colors_info=&#8220;{}&#8220;][et_pb_number_counter title=&#8220;SEITEN&#8220; number=&#8220;114&#8243; percent_sign=&#8220;off&#8220; _builder_version=&#8220;4.27.4&#8243; _module_preset=&#8220;default&#8220; title_text_color=&#8220;#FFFFFF&#8220; number_font=&#8220;Interstate_bold||||||||&#8220; number_text_color=&#8220;#FFFFFF&#8220; global_colors_info=&#8220;{}&#8220;][\/et_pb_number_counter][\/et_pb_column][et_pb_column type=&#8220;1_3&#8243; _builder_version=&#8220;4.19.4&#8243; _module_preset=&#8220;default&#8220; global_colors_info=&#8220;{}&#8220;][et_pb_number_counter title=&#8220;PREMIUMPARTNER&#8220; number=&#8220;12&#8243; percent_sign=&#8220;off&#8220; _builder_version=&#8220;4.25.2&#8243; _module_preset=&#8220;default&#8220; title_text_color=&#8220;#FFFFFF&#8220; number_font=&#8220;Interstate_bold||||||||&#8220; number_text_color=&#8220;#FFFFFF&#8220; global_colors_info=&#8220;{}&#8220;][\/et_pb_number_counter][\/et_pb_column][et_pb_column type=&#8220;1_3&#8243; _builder_version=&#8220;4.19.4&#8243; _module_preset=&#8220;default&#8220; global_colors_info=&#8220;{}&#8220;][et_pb_number_counter title=&#8220;AUSGABEN&#8220; number=&#8220;47&#8243; percent_sign=&#8220;off&#8220; _builder_version=&#8220;4.27.4&#8243; _module_preset=&#8220;default&#8220; title_text_color=&#8220;#FFFFFF&#8220; number_font=&#8220;Interstate_bold||||||||&#8220; number_text_color=&#8220;#FFFFFF&#8220; global_colors_info=&#8220;{}&#8220;][\/et_pb_number_counter][\/et_pb_column][\/et_pb_row][\/et_pb_section][et_pb_section fb_built=&#8220;1&#8243; custom_padding_last_edited=&#8220;on|phone&#8220; admin_label=&#8220;Section&#8220; _builder_version=&#8220;4.22.2&#8243; _module_preset=&#8220;default&#8220; custom_margin=&#8220;||-1px|||&#8220; custom_padding=&#8220;||||false|false&#8220; custom_padding_tablet=&#8220;||||false|false&#8220; custom_padding_phone=&#8220;14px||0px||false|false&#8220; da_disable_devices=&#8220;off|off|off&#8220; global_colors_info=&#8220;{}&#8220; da_is_popup=&#8220;off&#8220; da_exit_intent=&#8220;off&#8220; da_has_close=&#8220;on&#8220; da_alt_close=&#8220;off&#8220; da_dark_close=&#8220;off&#8220; da_not_modal=&#8220;on&#8220; da_is_singular=&#8220;off&#8220; da_with_loader=&#8220;off&#8220; da_has_shadow=&#8220;on&#8220;][et_pb_row column_structure=&#8220;1_2,1_2&#8243; _builder_version=&#8220;4.27.4&#8243; _module_preset=&#8220;default&#8220; custom_margin=&#8220;||||false|false&#8220; custom_padding=&#8220;|0px||0px|false|false&#8220; global_colors_info=&#8220;{}&#8220;][et_pb_column type=&#8220;1_2&#8243; admin_label=&#8220;Spalte&#8220; _builder_version=&#8220;4.27.4&#8243; _module_preset=&#8220;default&#8220; global_colors_info=&#8220;{}&#8220;][et_pb_text admin_label=&#8220;Text&#8220; _builder_version=&#8220;4.27.4&#8243; _module_preset=&#8220;default&#8220; text_text_color=&#8220;#19584A&#8220; header_3_text_align=&#8220;left&#8220; header_3_text_color=&#8220;#d72c87&#8243; header_3_font_size=&#8220;45px&#8220; header_3_letter_spacing=&#8220;22px&#8220; text_orientation=&#8220;right&#8220; custom_margin=&#8220;|42px||75px|false|false&#8220; custom_margin_tablet=&#8220;|42px||75px|false|false&#8220; custom_margin_phone=&#8220;|0px||0px|false|false&#8220; custom_margin_last_edited=&#8220;on|phone&#8220; header_3_font_size_tablet=&#8220;45px&#8220; header_3_font_size_phone=&#8220;41px&#8220; header_3_font_size_last_edited=&#8220;on|phone&#8220; header_3_letter_spacing_tablet=&#8220;22px&#8220; header_3_letter_spacing_phone=&#8220;15px&#8220; header_3_letter_spacing_last_edited=&#8220;on|desktop&#8220; global_colors_info=&#8220;{}&#8220;]<\/p>\n<h3><span style=\"color: #00513e;\">CONTENT<\/span><\/h3>\n<p>[\/et_pb_text][et_pb_blurb title=&#8220;Dr. Daniel Terberger&#8220; image=&#8220;https:\/\/katag.net\/wp-content\/uploads\/2025\/10\/Bildschirmfoto-2025-10-14-um-15.37.20.png&#8220; alt=&#8220;09&#8243; icon_placement=&#8220;left&#8220; image_icon_width=&#8220;68px&#8220; admin_label=&#8220;Informationstext&#8220; _builder_version=&#8220;4.27.4&#8243; _module_preset=&#8220;default&#8220; image_icon_custom_margin=&#8220;-23px|||10px|false|false&#8220; custom_margin=&#8220;|||60px|false|false&#8220; custom_margin_tablet=&#8220;||||false|false&#8220; custom_margin_phone=&#8220;|||0px|false|false&#8220; custom_margin_last_edited=&#8220;on|phone&#8220; global_colors_info=&#8220;{}&#8220;]<\/p>\n<p>Chief Executive Officer, KATAG AG<\/p>\n<p>[\/et_pb_blurb][et_pb_blurb title=&#8220;Dr.Wladimir Klitschko &#038; Dr. Dominik Wichmann&#8220; image=&#8220;https:\/\/katag.net\/wp-content\/uploads\/2025\/10\/Bildschirmfoto-2025-10-14-um-15.44.01.png&#8220; icon_placement=&#8220;left&#8220; image_icon_width=&#8220;70px&#8220; admin_label=&#8220;Informationstext&#8220; _builder_version=&#8220;4.27.4&#8243; _module_preset=&#8220;default&#8220; image_icon_custom_margin=&#8220;-13px|||10px|false|false&#8220; custom_margin=&#8220;10px|||60px|false|false&#8220; custom_margin_tablet=&#8220;10px|||60px|false|false&#8220; custom_margin_phone=&#8220;10px|||0px|false|false&#8220; custom_margin_last_edited=&#8220;on|phone&#8220; global_colors_info=&#8220;{}&#8220;]<\/p>\n<p>CEO Klitschko Ventures &amp; CEO Looping Group powered by S.OLIVER GROUP<\/p>\n<p>[\/et_pb_blurb][et_pb_blurb title=&#8220;Christian Lindner&#8220; image=&#8220;https:\/\/katag.net\/wp-content\/uploads\/2025\/10\/Bildschirmfoto-2025-10-14-um-15.44.05.png&#8220; icon_placement=&#8220;left&#8220; image_icon_width=&#8220;59px&#8220; admin_label=&#8220;Informationstext&#8220; _builder_version=&#8220;4.27.4&#8243; _module_preset=&#8220;default&#8220; image_icon_custom_margin=&#8220;-13px|||20px|false|false&#8220; custom_margin=&#8220;10px|||60px|false|false&#8220; custom_margin_tablet=&#8220;10px|||60px|false|false&#8220; custom_margin_phone=&#8220;10px|||0px|false|false&#8220; custom_margin_last_edited=&#8220;on|phone&#8220; global_colors_info=&#8220;{}&#8220;]<\/p>\n<p>Redner, Autor und ehemaliger Bundesminister der Finanzen<\/p>\n<p>[\/et_pb_blurb][et_pb_blurb title=&#8220;Podiumsdiskussion ,,Wer \u00fcbernimmt?&#8220;&#8220; image=&#8220;https:\/\/katag.net\/wp-content\/uploads\/2025\/10\/Bildschirmfoto-2025-10-14-um-15.44.09.png&#8220; icon_placement=&#8220;left&#8220; image_icon_width=&#8220;69px&#8220; _builder_version=&#8220;4.27.4&#8243; _module_preset=&#8220;default&#8220; image_icon_custom_margin=&#8220;-13px|||10px|false|false&#8220; custom_margin=&#8220;10px|||60px|false|false&#8220; custom_margin_tablet=&#8220;10px|||60px|false|false&#8220; custom_margin_phone=&#8220;|||0px|false|false&#8220; custom_margin_last_edited=&#8220;on|phone&#8220; global_colors_info=&#8220;{}&#8220;]<\/p>\n<p>Martina Reischmann, Christian B\u00f6ckmann, Julius Brinkmann<\/p>\n<p>[\/et_pb_blurb][et_pb_blurb title=&#8220;Dorothee B\u00e4r MdB&#8220; image=&#8220;https:\/\/katag.net\/wp-content\/uploads\/2025\/10\/Bildschirmfoto-2025-10-14-um-15.44.13.png&#8220; icon_placement=&#8220;left&#8220; image_icon_width=&#8220;67px&#8220; admin_label=&#8220;Informationstext&#8220; _builder_version=&#8220;4.27.4&#8243; _module_preset=&#8220;default&#8220; image_icon_custom_margin=&#8220;-13px|||10px|false|false&#8220; custom_margin=&#8220;-6px|||60px|false|false&#8220; custom_margin_tablet=&#8220;-6px|||60px|false|false&#8220; custom_margin_phone=&#8220;|||0px|false|false&#8220; custom_margin_last_edited=&#8220;on|phone&#8220; global_colors_info=&#8220;{}&#8220;]<\/p>\n<p>Bundesministerin f\u00fcr Forschung, Technologie und Raumfahrt<\/p>\n<p>[\/et_pb_blurb][et_pb_blurb title=&#8220;Palina Rojinski&#8220; image=&#8220;https:\/\/katag.net\/wp-content\/uploads\/2025\/10\/Bildschirmfoto-2025-10-14-um-15.44.18.png&#8220; icon_placement=&#8220;left&#8220; image_icon_width=&#8220;54px&#8220; admin_label=&#8220;Informationstext&#8220; _builder_version=&#8220;4.27.4&#8243; _module_preset=&#8220;default&#8220; image_icon_custom_margin=&#8220;-13px|||20px|false|false&#8220; image_icon_custom_padding=&#8220;|0px||0px|false|false&#8220; custom_margin=&#8220;10px|||60px|false|false&#8220; custom_margin_tablet=&#8220;10px|||60px|false|false&#8220; custom_margin_phone=&#8220;10px|||0px|false|false&#8220; custom_margin_last_edited=&#8220;on|phone&#8220; global_colors_info=&#8220;{}&#8220;]<\/p>\n<p>Moderatorin, Schauspielerin und Autorin<\/p>\n<p>[\/et_pb_blurb][et_pb_blurb title=&#8220;KATAG &#8211; Awards in den Kategorien:&#8220; image=&#8220;https:\/\/katag.net\/wp-content\/uploads\/2025\/10\/Bildschirmfoto-2025-10-14-um-15.44.28.png&#8220; icon_placement=&#8220;left&#8220; image_icon_width=&#8220;56px&#8220; admin_label=&#8220;Informationstext&#8220; _builder_version=&#8220;4.27.4&#8243; _module_preset=&#8220;default&#8220; image_icon_custom_margin=&#8220;-13px|||20px|false|false&#8220; custom_margin=&#8220;10px|||60px|false|false&#8220; custom_margin_tablet=&#8220;10px|||60px|false|false&#8220; custom_margin_phone=&#8220;10px|||0px|false|false&#8220; custom_margin_last_edited=&#8220;on|phone&#8220; global_colors_info=&#8220;{}&#8220;]<\/p>\n<p>Nachhalitigkeit<br \/>Retailer of the year<br \/>Stadtentwicklung<br \/>Best Performing Brand<br \/>Firmenkultur<\/p>\n<p>[\/et_pb_blurb][\/et_pb_column][et_pb_column type=&#8220;1_2&#8243; _builder_version=&#8220;4.19.4&#8243; _module_preset=&#8220;default&#8220; global_colors_info=&#8220;{}&#8220;][et_pb_image src=&#8220;https:\/\/katag.net\/wp-content\/uploads\/2025\/10\/Bildschirmfoto-2025-10-14-um-13.54.11.png&#8220; alt=&#8220;KATAG_News_2023_aufgeklappt&#8220; title_text=&#8220;Bildschirmfoto 2025-10-14 um 13.54.11&#8243; disabled_on=&#8220;on|on|off&#8220; admin_label=&#8220;Bild&#8220; _builder_version=&#8220;4.27.4&#8243; _module_preset=&#8220;default&#8220; width=&#8220;70%&#8220; custom_margin=&#8220;127px||||false|false&#8220; custom_margin_tablet=&#8220;24px||||false|false&#8220; custom_margin_phone=&#8220;11px||||false|false&#8220; custom_margin_last_edited=&#8220;on|tablet&#8220; custom_padding=&#8220;||||false|false&#8220; scroll_fade_enable=&#8220;on&#8220; global_colors_info=&#8220;{}&#8220;][\/et_pb_image][\/et_pb_column][\/et_pb_row][\/et_pb_section][et_pb_section fb_built=&#8220;1&#8243; admin_label=&#8220;Section&#8220; module_id=&#8220;katag-news2024&#8243; module_class=&#8220;katag-news2024&#8243; _builder_version=&#8220;4.27.0&#8243; _module_preset=&#8220;default&#8220; background_enable_image=&#8220;off&#8220; parallax=&#8220;on&#8220; parallax_method=&#8220;off&#8220; custom_padding=&#8220;0px||0px||false|false&#8220; da_popup_slug=&#8220;katag-news2024&#8243; da_disable_devices=&#8220;off|off|off&#8220; global_colors_info=&#8220;{}&#8220; da_is_popup=&#8220;off&#8220; da_exit_intent=&#8220;off&#8220; da_has_close=&#8220;on&#8220; da_alt_close=&#8220;off&#8220; da_dark_close=&#8220;off&#8220; da_not_modal=&#8220;on&#8220; da_is_singular=&#8220;off&#8220; da_with_loader=&#8220;off&#8220; da_has_shadow=&#8220;on&#8220;][et_pb_row _builder_version=&#8220;4.22.2&#8243; _module_preset=&#8220;default&#8220; custom_padding=&#8220;13px||||false|false&#8220; global_colors_info=&#8220;{}&#8220;][et_pb_column type=&#8220;4_4&#8243; _builder_version=&#8220;4.19.4&#8243; _module_preset=&#8220;default&#8220; global_colors_info=&#8220;{}&#8220;][et_pb_code _builder_version=&#8220;4.25.2&#8243; _module_preset=&#8220;default&#8220; text_orientation=&#8220;center&#8220; module_alignment=&#8220;center&#8220; global_colors_info=&#8220;{}&#8220;]<div class=\"_df_book df-lite\" id=\"df_7873\"  _slug=\"katag-news-2025\" data-title=\"katag-news-2025\" wpoptions=\"true\" thumb=\"https:\/\/katag.net\/wp-content\/uploads\/2025\/10\/Bildschirmfoto-2025-10-14-um-13.54.11.png\" thumbtype=\"\" height=\"800px\" ><\/div><script class=\"df-shortcode-script\" nowprocket type=\"application\/javascript\">window.option_df_7873 = {\"outline\":[],\"backgroundColor\":\"000000\",\"autoEnableOutline\":\"false\",\"autoEnableThumbnail\":\"false\",\"overwritePDFOutline\":\"false\",\"direction\":\"1\",\"pageSize\":\"0\",\"source\":\"https:\\\/\\\/katag.net\\\/wp-content\\\/uploads\\\/2025\\\/10\\\/KATAG-Cheftagung_2025_News_235x330mm_gesamt.pdf\",\"wpOptions\":\"true\"}; if(window.DFLIP && window.DFLIP.parseBooks){window.DFLIP.parseBooks();}<\/script>[\/et_pb_code][\/et_pb_column][\/et_pb_row][\/et_pb_section][et_pb_section fb_built=&#8220;1&#8243; admin_label=&#8220;Popup &#8211; #katag-markentag_news&#8220; module_id=&#8220;katag-markentag_news&#8220; module_class=&#8220;popup close-alt dark no-shadow&#8220; _builder_version=&#8220;4.16&#8243; _module_preset=&#8220;default&#8220; background_color=&#8220;RGBA(255,255,255,0)&#8220; da_is_popup=&#8220;on&#8220; da_popup_slug=&#8220;katag-markentag_news&#8220; da_dark_close=&#8220;on&#8220; da_alt_close=&#8220;on&#8220; da_has_shadow=&#8220;off&#8220; da_disable_devices=&#8220;off|off|off&#8220; global_colors_info=&#8220;{}&#8220; da_exit_intent=&#8220;off&#8220; da_has_close=&#8220;on&#8220; da_not_modal=&#8220;on&#8220; da_is_singular=&#8220;off&#8220; da_with_loader=&#8220;off&#8220;][et_pb_row _builder_version=&#8220;4.19.4&#8243; _module_preset=&#8220;default&#8220; global_colors_info=&#8220;{}&#8220;][et_pb_column type=&#8220;4_4&#8243; _builder_version=&#8220;4.19.4&#8243; _module_preset=&#8220;default&#8220; global_colors_info=&#8220;{}&#8220;][et_pb_code _builder_version=&#8220;4.22.2&#8243; _module_preset=&#8220;default&#8220; global_colors_info=&#8220;{}&#8220;]<div class=\"_df_book df-lite\" id=\"df_4768\"  _slug=\"katag-news-2023-katag-markentag\" data-title=\"katag-news-2023-katag-markentag\" wpoptions=\"true\" thumbtype=\"\" ><\/div><script class=\"df-shortcode-script\" nowprocket type=\"application\/javascript\">window.option_df_4768 = {\"outline\":[],\"backgroundColor\":\"000000\",\"autoEnableOutline\":\"false\",\"autoEnableThumbnail\":\"false\",\"overwritePDFOutline\":\"false\",\"direction\":\"1\",\"pageSize\":\"0\",\"source\":\"https:\\\/\\\/katag.net\\\/wp-content\\\/uploads\\\/sites\\\/7\\\/2023\\\/10\\\/KATAG-News_Markentag_2023.pdf\",\"wpOptions\":\"true\"}; if(window.DFLIP && window.DFLIP.parseBooks){window.DFLIP.parseBooks();}<\/script>[\/et_pb_code][\/et_pb_column][\/et_pb_row][\/et_pb_section][et_pb_section fb_built=&#8220;1&#8243; admin_label=&#8220;Popup &#8211; #katag-cheftagung_news&#8220; module_id=&#8220;katag-cheftagung_news&#8220; module_class=&#8220;popup close-alt dark no-shadow&#8220; _builder_version=&#8220;4.22.2&#8243; _module_preset=&#8220;default&#8220; background_color=&#8220;RGBA(255,255,255,0)&#8220; da_is_popup=&#8220;on&#8220; da_popup_slug=&#8220;katag-cheftagung_news&#8220; da_dark_close=&#8220;on&#8220; da_alt_close=&#8220;on&#8220; da_has_shadow=&#8220;off&#8220; da_disable_devices=&#8220;off|off|off&#8220; global_colors_info=&#8220;{}&#8220; da_exit_intent=&#8220;off&#8220; da_has_close=&#8220;on&#8220; da_not_modal=&#8220;on&#8220; da_is_singular=&#8220;off&#8220; da_with_loader=&#8220;off&#8220;][et_pb_row _builder_version=&#8220;4.19.4&#8243; _module_preset=&#8220;default&#8220; global_colors_info=&#8220;{}&#8220;][et_pb_column type=&#8220;4_4&#8243; _builder_version=&#8220;4.19.4&#8243; _module_preset=&#8220;default&#8220; global_colors_info=&#8220;{}&#8220;][et_pb_code _builder_version=&#8220;4.25.2&#8243; _module_preset=&#8220;default&#8220; global_colors_info=&#8220;{}&#8220;]<div class=\"_df_book df-lite\" id=\"df_7873\"  _slug=\"katag-news-2025\" data-title=\"katag-news-2025\" wpoptions=\"true\" thumb=\"https:\/\/katag.net\/wp-content\/uploads\/2025\/10\/Bildschirmfoto-2025-10-14-um-13.54.11.png\" thumbtype=\"\" height=\"800px\" ><\/div><script class=\"df-shortcode-script\" nowprocket type=\"application\/javascript\">window.option_df_7873 = {\"outline\":[],\"backgroundColor\":\"000000\",\"autoEnableOutline\":\"false\",\"autoEnableThumbnail\":\"false\",\"overwritePDFOutline\":\"false\",\"direction\":\"1\",\"pageSize\":\"0\",\"source\":\"https:\\\/\\\/katag.net\\\/wp-content\\\/uploads\\\/2025\\\/10\\\/KATAG-Cheftagung_2025_News_235x330mm_gesamt.pdf\",\"wpOptions\":\"true\"}; if(window.DFLIP && window.DFLIP.parseBooks){window.DFLIP.parseBooks();}<\/script>[\/et_pb_code][\/et_pb_column][\/et_pb_row][\/et_pb_section][et_pb_section fb_built=&#8220;1&#8243; admin_label=&#8220;Section&#8220; _builder_version=&#8220;4.22.2&#8243; _module_preset=&#8220;default&#8220; background_enable_color=&#8220;off&#8220; da_disable_devices=&#8220;off|off|off&#8220; global_colors_info=&#8220;{}&#8220; da_is_popup=&#8220;off&#8220; da_exit_intent=&#8220;off&#8220; da_has_close=&#8220;on&#8220; da_alt_close=&#8220;off&#8220; da_dark_close=&#8220;off&#8220; da_not_modal=&#8220;on&#8220; da_is_singular=&#8220;off&#8220; da_with_loader=&#8220;off&#8220; da_has_shadow=&#8220;on&#8220;][et_pb_row _builder_version=&#8220;4.25.2&#8243; _module_preset=&#8220;default&#8220; global_colors_info=&#8220;{}&#8220;][et_pb_column type=&#8220;4_4&#8243; _builder_version=&#8220;4.19.4&#8243; _module_preset=&#8220;default&#8220; global_colors_info=&#8220;{}&#8220;][et_pb_button button_url=&#8220;@ET-DC@eyJkeW5hbWljIjp0cnVlLCJjb250ZW50IjoicG9zdF9saW5rX3VybF9wYWdlIiwic2V0dGluZ3MiOnsicG9zdF9pZCI6IjU2ODYifX0=@&#8220; button_text=&#8220;weitere ausgaben entdecken&#8220; button_alignment=&#8220;center&#8220; _builder_version=&#8220;4.22.2&#8243; _dynamic_attributes=&#8220;button_url&#8220; _module_preset=&#8220;default&#8220; custom_button=&#8220;on&#8220; button_text_size=&#8220;17px&#8220; button_text_color=&#8220;#0a0a0a&#8220; button_bg_color=&#8220;RGBA(255,255,255,0)&#8220; button_border_width=&#8220;1px&#8220; button_border_color=&#8220;#0a0a0a&#8220; button_border_radius=&#8220;100px&#8220; button_letter_spacing=&#8220;1px&#8220; button_font=&#8220;Interstate_light|||on|||||&#8220; button_icon=&#8220;&#x35;||divi||400&#8243; transform_translate_linked=&#8220;off&#8220; custom_margin=&#8220;||||false|false&#8220; custom_margin_tablet=&#8220;28px|0%|||false|false&#8220; custom_margin_phone=&#8220;-14px|0px|||false|false&#8220; custom_margin_last_edited=&#8220;off|desktop&#8220; custom_padding=&#8220;1%||1%||false|false&#8220; button_text_size_tablet=&#8220;&#8220; button_text_size_phone=&#8220;13px&#8220; button_text_size_last_edited=&#8220;on|phone&#8220; button_letter_spacing_tablet=&#8220;&#8220; button_letter_spacing_phone=&#8220;0px&#8220; button_letter_spacing_last_edited=&#8220;on|phone&#8220; global_colors_info=&#8220;{}&#8220; button_bg_color__hover_enabled=&#8220;on|desktop&#8220; button_bg_color__hover=&#8220;#B31A19&#8243; button_bg_enable_color__hover=&#8220;on&#8220; button_border_color__hover_enabled=&#8220;on|hover&#8220; button_border_color__hover=&#8220;#B31A19&#8243; button_text_color__hover_enabled=&#8220;on|hover&#8220; button_text_color__hover=&#8220;#FFFFFF&#8220;][\/et_pb_button][et_pb_button button_url=&#8220;#katag-markentag_news&#8220; button_text=&#8220;Ausgabe zum KATAG-Markentag&#8220; button_alignment=&#8220;center&#8220; disabled_on=&#8220;on|on|on&#8220; _builder_version=&#8220;4.25.2&#8243; _module_preset=&#8220;default&#8220; custom_button=&#8220;on&#8220; button_text_size=&#8220;17px&#8220; button_text_color=&#8220;#0a0101&#8243; button_bg_color=&#8220;RGBA(255,255,255,0)&#8220; button_border_width=&#8220;1px&#8220; button_border_color=&#8220;#0a0a0a&#8220; button_border_radius=&#8220;100px&#8220; button_letter_spacing=&#8220;1px&#8220; button_font=&#8220;Interstate_light|||on|||||&#8220; button_icon=&#8220;&#x35;||divi||400&#8243; transform_translate_linked=&#8220;off&#8220; custom_margin=&#8220;||||false|false&#8220; custom_margin_tablet=&#8220;28px|0%|||false|false&#8220; custom_margin_phone=&#8220;-14px|0px|||false|false&#8220; custom_margin_last_edited=&#8220;off|desktop&#8220; custom_padding=&#8220;1%||1%||false|false&#8220; button_text_size_tablet=&#8220;&#8220; button_text_size_phone=&#8220;13px&#8220; button_text_size_last_edited=&#8220;on|phone&#8220; button_letter_spacing_tablet=&#8220;&#8220; button_letter_spacing_phone=&#8220;0px&#8220; button_letter_spacing_last_edited=&#8220;on|phone&#8220; disabled=&#8220;on&#8220; global_colors_info=&#8220;{}&#8220; button_bg_color__hover_enabled=&#8220;on|desktop&#8220; button_bg_color__hover=&#8220;#B31A19&#8243; button_bg_enable_color__hover=&#8220;on&#8220; button_border_color__hover_enabled=&#8220;on|hover&#8220; button_border_color__hover=&#8220;#B31A19&#8243; button_text_color__hover_enabled=&#8220;on|hover&#8220; button_text_color__hover=&#8220;#FFFFFF&#8220;][\/et_pb_button][\/et_pb_column][\/et_pb_row][et_pb_row admin_label=&#8220;Pfeil&#8220; _builder_version=&#8220;4.19.4&#8243; _module_preset=&#8220;default&#8220; global_colors_info=&#8220;{}&#8220;][et_pb_column type=&#8220;4_4&#8243; _builder_version=&#8220;4.19.4&#8243; _module_preset=&#8220;default&#8220; global_colors_info=&#8220;{}&#8220;][et_pb_icon font_icon=&#8220;&#x32;||divi||400&#8243; icon_color=&#8220;#bcbcbc&#8220; icon_width=&#8220;55px&#8220; url=&#8220;#news&#8220; _builder_version=&#8220;4.22.2&#8243; _module_preset=&#8220;default&#8220; custom_padding=&#8220;43px||||false|false&#8220; global_colors_info=&#8220;{}&#8220; icon_color__hover_enabled=&#8220;on|hover&#8220; icon_color__hover=&#8220;#B31A19&#8243;][\/et_pb_icon][\/et_pb_column][\/et_pb_row][\/et_pb_section]<\/p>","protected":false},"excerpt":{"rendered":"<p>KATAG-News Das magazin f\u00fcr neuigkeiten in der KATAG AG und der BrancheNEUES VON DER KATAG AG Hier finden Sie alle aktuellen Neuigkeiten und Informationen rund um die KATAG AG, damit Sie stets bestens informiert sind. Wir halten Sie \u00fcber bevorstehende Events, spannende Entwicklungen und wichtige Neuigkeiten auf dem Laufenden. Diese Seite bietet Ihnen einen umfassenden [&hellip;]<\/p>","protected":false},"author":19,"featured_media":0,"parent":0,"menu_order":0,"comment_status":"closed","ping_status":"closed","template":"","meta":{"_et_pb_use_builder":"on","_et_pb_old_content":"","_et_gb_content_width":"","footnotes":""},"class_list":["post-5680","page","type-page","status-publish","hentry"],"yoast_head":"<!-- This site is optimized with the Yoast SEO plugin v27.0 - https:\/\/yoast.com\/product\/yoast-seo-wordpress\/ -->\n<title>News - KATAG AG<\/title>\n<meta name=\"robots\" content=\"index, follow, max-snippet:-1, max-image-preview:large, max-video-preview:-1\" \/>\n<link rel=\"canonical\" href=\"https:\/\/katag.net\/en\/news\/\" \/>\n<meta property=\"og:locale\" content=\"en_US\" \/>\n<meta property=\"og:type\" content=\"article\" \/>\n<meta property=\"og:title\" content=\"News - KATAG AG\" \/>\n<meta property=\"og:description\" content=\"KATAG-News Das magazin f\u00fcr neuigkeiten in der KATAG AG und der BrancheNEUES VON DER KATAG AG Hier finden Sie alle aktuellen Neuigkeiten und Informationen rund um die KATAG AG, damit Sie stets bestens informiert sind. Wir halten Sie \u00fcber bevorstehende Events, spannende Entwicklungen und wichtige Neuigkeiten auf dem Laufenden. Diese Seite bietet Ihnen einen umfassenden [&hellip;]\" \/>\n<meta property=\"og:url\" content=\"https:\/\/katag.net\/en\/news\/\" \/>\n<meta property=\"og:site_name\" content=\"KATAG AG\" \/>\n<meta property=\"article:modified_time\" content=\"2026-03-04T09:26:55+00:00\" \/>\n<meta name=\"twitter:card\" content=\"summary_large_image\" \/>\n<script type=\"application\/ld+json\" class=\"yoast-schema-graph\">{\"@context\":\"https:\/\/schema.org\",\"@graph\":[{\"@type\":\"WebPage\",\"@id\":\"https:\/\/katag.net\/news\/\",\"url\":\"https:\/\/katag.net\/news\/\",\"name\":\"News - KATAG AG\",\"isPartOf\":{\"@id\":\"https:\/\/katag.net\/#website\"},\"datePublished\":\"2023-12-13T14:57:03+00:00\",\"dateModified\":\"2026-03-04T09:26:55+00:00\",\"breadcrumb\":{\"@id\":\"https:\/\/katag.net\/news\/#breadcrumb\"},\"inLanguage\":\"en-US\",\"potentialAction\":[{\"@type\":\"ReadAction\",\"target\":[\"https:\/\/katag.net\/news\/\"]}]},{\"@type\":\"BreadcrumbList\",\"@id\":\"https:\/\/katag.net\/news\/#breadcrumb\",\"itemListElement\":[{\"@type\":\"ListItem\",\"position\":1,\"name\":\"Startseite\",\"item\":\"https:\/\/katag.net\/\"},{\"@type\":\"ListItem\",\"position\":2,\"name\":\"News\"}]},{\"@type\":\"WebSite\",\"@id\":\"https:\/\/katag.net\/#website\",\"url\":\"https:\/\/katag.net\/\",\"name\":\"KATAG AG\",\"description\":\"\",\"potentialAction\":[{\"@type\":\"SearchAction\",\"target\":{\"@type\":\"EntryPoint\",\"urlTemplate\":\"https:\/\/katag.net\/?s={search_term_string}\"},\"query-input\":{\"@type\":\"PropertyValueSpecification\",\"valueRequired\":true,\"valueName\":\"search_term_string\"}}],\"inLanguage\":\"en-US\"}]}<\/script>\n<!-- \/ Yoast SEO plugin. -->","yoast_head_json":{"title":"News - KATAG AG","robots":{"index":"index","follow":"follow","max-snippet":"max-snippet:-1","max-image-preview":"max-image-preview:large","max-video-preview":"max-video-preview:-1"},"canonical":"https:\/\/katag.net\/en\/news\/","og_locale":"en_US","og_type":"article","og_title":"News - KATAG AG","og_description":"KATAG-News Das magazin f\u00fcr neuigkeiten in der KATAG AG und der BrancheNEUES VON DER KATAG AG Hier finden Sie alle aktuellen Neuigkeiten und Informationen rund um die KATAG AG, damit Sie stets bestens informiert sind. Wir halten Sie \u00fcber bevorstehende Events, spannende Entwicklungen und wichtige Neuigkeiten auf dem Laufenden. Diese Seite bietet Ihnen einen umfassenden [&hellip;]","og_url":"https:\/\/katag.net\/en\/news\/","og_site_name":"KATAG AG","article_modified_time":"2026-03-04T09:26:55+00:00","twitter_card":"summary_large_image","schema":{"@context":"https:\/\/schema.org","@graph":[{"@type":"WebPage","@id":"https:\/\/katag.net\/news\/","url":"https:\/\/katag.net\/news\/","name":"News - KATAG AG","isPartOf":{"@id":"https:\/\/katag.net\/#website"},"datePublished":"2023-12-13T14:57:03+00:00","dateModified":"2026-03-04T09:26:55+00:00","breadcrumb":{"@id":"https:\/\/katag.net\/news\/#breadcrumb"},"inLanguage":"en-US","potentialAction":[{"@type":"ReadAction","target":["https:\/\/katag.net\/news\/"]}]},{"@type":"BreadcrumbList","@id":"https:\/\/katag.net\/news\/#breadcrumb","itemListElement":[{"@type":"ListItem","position":1,"name":"Startseite","item":"https:\/\/katag.net\/"},{"@type":"ListItem","position":2,"name":"News"}]},{"@type":"WebSite","@id":"https:\/\/katag.net\/#website","url":"https:\/\/katag.net\/","name":"KATAG AG","description":"","potentialAction":[{"@type":"SearchAction","target":{"@type":"EntryPoint","urlTemplate":"https:\/\/katag.net\/?s={search_term_string}"},"query-input":{"@type":"PropertyValueSpecification","valueRequired":true,"valueName":"search_term_string"}}],"inLanguage":"en-US"}]}},"_links":{"self":[{"href":"https:\/\/katag.net\/en\/wp-json\/wp\/v2\/pages\/5680","targetHints":{"allow":["GET"]}}],"collection":[{"href":"https:\/\/katag.net\/en\/wp-json\/wp\/v2\/pages"}],"about":[{"href":"https:\/\/katag.net\/en\/wp-json\/wp\/v2\/types\/page"}],"author":[{"embeddable":true,"href":"https:\/\/katag.net\/en\/wp-json\/wp\/v2\/users\/19"}],"replies":[{"embeddable":true,"href":"https:\/\/katag.net\/en\/wp-json\/wp\/v2\/comments?post=5680"}],"version-history":[{"count":50,"href":"https:\/\/katag.net\/en\/wp-json\/wp\/v2\/pages\/5680\/revisions"}],"predecessor-version":[{"id":8244,"href":"https:\/\/katag.net\/en\/wp-json\/wp\/v2\/pages\/5680\/revisions\/8244"}],"wp:attachment":[{"href":"https:\/\/katag.net\/en\/wp-json\/wp\/v2\/media?parent=5680"}],"curies":[{"name":"wp","href":"https:\/\/api.w.org\/{rel}","templated":true}]}}